{"id":1020,"date":"2020-05-11T11:43:45","date_gmt":"2020-05-11T09:43:45","guid":{"rendered":"http:\/\/sfpkyrkslatt.fi\/?page_id=1020"},"modified":"2026-04-03T11:24:26","modified_gmt":"2026-04-03T09:24:26","slug":"halsningar-fran-riksdagen","status":"publish","type":"page","link":"https:\/\/sfpkyrkslatt.fi\/index.php\/halsningar-fran-riksdagen\/","title":{"rendered":"H\u00e4lsningar fr\u00e5n Anders Adlercreutz"},"content":{"rendered":"\n<p>Anders Adlercreutz, s\u00e5v\u00e4l en aktiv lokalpolitiker som Kyrksl\u00e4tts egna riksdagsledamot, partiordf\u00f6rande och minister, skickar nedan sina h\u00e4lsningar. Anders arbete i riksdagen och lokalpolitiken kan du f\u00f6lja med via hans <a href=\"https:\/\/www.facebook.com\/andersatz\/\">Facebook-sida <\/a>eller <a href=\"http:\/\/andersadlercreutz.fi\/blog\/?lang=sv\">blogg<\/a>.<\/p>\n\n\n\n<figure class=\"wp-block-image size-large is-resized\"><img loading=\"lazy\" decoding=\"async\" width=\"360\" height=\"360\" src=\"https:\/\/sfpkyrkslatt.fi\/wp-content\/uploads\/2020\/05\/Anders.jpg\" alt=\"\" class=\"wp-image-1023\" style=\"width:214px;height:214px\" srcset=\"https:\/\/sfpkyrkslatt.fi\/wp-content\/uploads\/2020\/05\/Anders.jpg 360w, https:\/\/sfpkyrkslatt.fi\/wp-content\/uploads\/2020\/05\/Anders-300x300.jpg 300w, https:\/\/sfpkyrkslatt.fi\/wp-content\/uploads\/2020\/05\/Anders-150x150.jpg 150w\" sizes=\"auto, (max-width: 360px) 100vw, 360px\" \/><\/figure>\n\n\n\n<figure class=\"wp-block-table\"><table class=\"has-fixed-layout\"><tbody><tr><td>B\u00e4sta SFP:are &#8211; Hyv\u00e4t RKP:l\u00e4iset\u00a0<br><br>Det k\u00e4nns som att \u00e5ret knappt har hunnit b\u00f6rja, men kalendern s\u00e4ger att det \u00e4r p\u00e5sk och att v\u00e5ren \u00e4r h\u00e4r. Samtidigt har det varit en intensiv tid, med m\u00e5nga viktiga fr\u00e5gor p\u00e5 bordet. Och flera blir det. Det m\u00e4rks att det bara \u00e4r ett \u00e5r kvar av den h\u00e4r riksdagsperioden \u2013 vilket man emellan\u00e5t ocks\u00e5 kan ana i den ibland lite spretiga inre regeringsdynamiken.<br><br>Samtidigt k\u00e4nns det som att v\u00e4rlden inte riktigt vill ge oss medvind. Det kommer ljusglimtar p\u00e5 l\u00f6pande band, men v\u00e4rldspolitikens v\u00e5gor g\u00f6r sitt b\u00e4sta f\u00f6r att sl\u00e4cka dem. Det syns i en fortsatt h\u00f6g arbetsl\u00f6shet och i en samh\u00e4llsdiskussion som nog inte andas den framtidstro som vi verkligen skulle beh\u00f6va.\u00a0<br><br>Inom SFP f\u00f6rs\u00f6ker vi sv\u00e4nga det narrativet. Genom konkreta, konstruktiva \u00e5tg\u00e4rder.\u00a0<br><br><strong>Arbetsl\u00f6sheten bland unga oroar<\/strong><br><br>Arbetsl\u00f6shet \u00e4r n\u00e5got som effektivt tar k\u00e5l p\u00e5 den framtidstron vi beh\u00f6ver. Och n\u00e4r den drabbar ungdomar \u00e4r den speciellt bekymmersam. D\u00e4rf\u00f6r har vi inom SFP under \u00e5rets f\u00f6rsta m\u00e5nader arbetat med \u00e5tg\u00e4rder f\u00f6r att st\u00e4rka ungas v\u00e4g in i arbetslivet. Problemet \u00e4r inte brist p\u00e5 viljan bland unga, utan bristen p\u00e5 m\u00f6jligheter.<br><br>De f\u00f6rsta upplevelserna av att man sj\u00e4lv kan och f\u00e5r arbeta \u00e4r otroligt viktiga. Jag fick sj\u00e4lv i min egen ungdom pr\u00f6va p\u00e5 b\u00e5de ett och annat fr\u00e5n tr\u00e4dg\u00e5rdsarbete till att t\u00f6mma lastfartyg p\u00e5 r\u00e5socker, och alla upplevelser l\u00e4rde mig mycket.<br><br>Och de upplevelserna och l\u00e4rdomarna beh\u00f6ver ungdomar idag ocks\u00e5.<br><br>Vi i SFP vill g\u00f6ra det l\u00e4ttare att anst\u00e4lla unga, enklare att starta eget f\u00f6retag och st\u00e4rka kopplingen mellan utbildning och arbetsliv. Samtidigt vet vi att allt fler unga m\u00e5r d\u00e5ligt och beh\u00f6ver r\u00e4tt st\u00f6d f\u00f6r att sedan kunna komma tillbaka till studier eller arbete. F\u00f6rra veckan publicerade vi d\u00e4rf\u00f6r ett paket med\u00a0<a href=\"https:\/\/eur02.safelinks.protection.outlook.com\/?url=https%3A%2F%2Fmj.sfp.fi%2Flnk%2FAW8AAJYZWUoAAc7d1WYAALQQskYAAYCrwyYAm66wAAgVpQBpz3F2gPfKp9ZJQM215wJ0EbdN9AAHJDo%2F1%2Fnf0jk2EnC9xnEW7D-TCbWw%2FaHR0cHM6Ly9zZnAuZmkvb3JkZm9yYW5kZWJsb2dnL2FyYmV0ZS1hdC11bmdhLXNmcC1wcmVzZW50ZXJhci1hdGdhcmRlci1mb3ItYXR0LXN0YXJrYS11bmdhcy1zeXNzZWxzYXR0bmluZy8&amp;data=05%7C02%7Ckim.liljequist%40kirkkonummi.fi%7Cd6ccfadb8a5347e571a008de9155cad9%7C6d061a28d42744ff8ce00e1b76dd90ab%7C0%7C0%7C639107994836257552%7CUnknown%7CTWFpbGZsb3d8eyJFbXB0eU1hcGkiOnRydWUsIlYiOiIwLjAuMDAwMCIsIlAiOiJXaW4zMiIsIkFOIjoiTWFpbCIsIldUIjoyfQ%3D%3D%7C0%7C%7C%7C&amp;sdata=vOKAHJdvUwXvGNNpYgB%2BG%2Bhjavquhj0sRMvRd1wI5bY%3D&amp;reserved=0\" target=\"_blank\" rel=\"noreferrer noopener\"><u>10 \u00e5tg\u00e4rder f\u00f6r att st\u00e4rka ungas syssels\u00e4ttning<\/u><\/a>.<br><br><strong>Framtidsfr\u00e5gor p\u00e5 ministeriet<\/strong><br><br>P\u00e5 undervisningsministeriet har vi arbetat med en ny reform,\u00a0<a href=\"https:\/\/eur02.safelinks.protection.outlook.com\/?url=https%3A%2F%2Fmj.sfp.fi%2Flnk%2FAW8AAJYZWUoAAc7d1WYAALQQskYAAYCrwyYAm66wAAgVpQBpz3F2gPfKp9ZJQM215wJ0EbdN9AAHJDo%2F2%2FHFk-YZq_N9kxeEUlLq_VRg%2FaHR0cHM6Ly9zZnAuZmkvb3JkZm9yYW5kZWJsb2dnL251LWdlci12aS1lbGV2ZXJuYS1lbi1saWt2YXJkaWctb2NoLXJhdHR2aXMtYmVkb21uaW5nLw&amp;data=05%7C02%7Ckim.liljequist%40kirkkonummi.fi%7Cd6ccfadb8a5347e571a008de9155cad9%7C6d061a28d42744ff8ce00e1b76dd90ab%7C0%7C0%7C639107994836276057%7CUnknown%7CTWFpbGZsb3d8eyJFbXB0eU1hcGkiOnRydWUsIlYiOiIwLjAuMDAwMCIsIlAiOiJXaW4zMiIsIkFOIjoiTWFpbCIsIldUIjoyfQ%3D%3D%7C0%7C%7C%7C&amp;sdata=yT2Fx7WKDZGzW6p8ONkzWKNtr6aguJvDne3lRnsxxIo%3D&amp;reserved=0\" target=\"_blank\" rel=\"noreferrer noopener\"><u>kunskapsgarantin<\/u><\/a>. Den ska s\u00e4kerst\u00e4lla att varje elev har de kunskaper som beh\u00f6vs f\u00f6r att g\u00e5 vidare i skolan. Reformen g\u00f6rs inte \u2013 trots att medierna tyckt om att skriva s\u00e5 \u2013 f\u00f6r att fler ska stanna p\u00e5 klassen, men det \u00e4r inte heller r\u00e4tt att g\u00e5 vidare utan tillr\u00e4ckliga kunskaper. Samtidigt ser vi att bed\u00f6mningen inte alltid \u00e4r konsekvent. Betygen har stigit, men kunskapsniv\u00e5n har inte f\u00f6ljt samma takt. Samma prestation kan dessutom ge olika betyg beroende p\u00e5 skola.<br><br>P\u00e5 ministeriet har vi ocks\u00e5 utarbetat en ny rapport om hur vi ska m\u00f6ta\u00a0<a href=\"https:\/\/eur02.safelinks.protection.outlook.com\/?url=https%3A%2F%2Fmj.sfp.fi%2Flnk%2FAW8AAJYZWUoAAc7d1WYAALQQskYAAYCrwyYAm66wAAgVpQBpz3F2gPfKp9ZJQM215wJ0EbdN9AAHJDo%2F3%2F4VN1u6ICDNWXojBAoeKJyg%2FaHR0cHM6Ly9zZnAuZmkvb3JkZm9yYW5kZWJsb2dnL3ZpLWtvbW1lci1oYS1uYXN0YW4tMTAwLTAwMC1mYXJyZS1iYXJuLWktc2tvbGFuLW9tLTIwLWFyLw&amp;data=05%7C02%7Ckim.liljequist%40kirkkonummi.fi%7Cd6ccfadb8a5347e571a008de9155cad9%7C6d061a28d42744ff8ce00e1b76dd90ab%7C0%7C0%7C639107994836292182%7CUnknown%7CTWFpbGZsb3d8eyJFbXB0eU1hcGkiOnRydWUsIlYiOiIwLjAuMDAwMCIsIlAiOiJXaW4zMiIsIkFOIjoiTWFpbCIsIldUIjoyfQ%3D%3D%7C0%7C%7C%7C&amp;sdata=%2BrxaEiahGlvSF6N7rDGtQIyz%2B1WS7ygEERk9P8PIeW0%3D&amp;reserved=0\" target=\"_blank\" rel=\"noreferrer noopener\"><u>f\u00f6r\u00e4ndringarna i Finlands befolkningsstruktur.<\/u><\/a>\u00a0Antalet barn i grundskole\u00e5ldern v\u00e4ntas minska med n\u00e4rmare 100 000 fram till 2040. Det \u00e4r en enorm f\u00f6r\u00e4ndring och en utveckling som kr\u00e4ver eftertanke. N\u00e4r elevantalet minskar r\u00e4cker det inte att varje kommun f\u00f6rs\u00f6ker l\u00f6sa situationen p\u00e5 egen hand. Vi beh\u00f6ver t\u00e4nka p\u00e5 ett nytt s\u00e4tt och samarbeta mer, s\u00e5 att alla barn ocks\u00e5 i framtiden har tillg\u00e5ng till en h\u00f6gklassig grundskola.<br>En annan fr\u00e5ga som v\u00e4ckt diskussion under vintern och v\u00e5ren \u00e4r\u00a0<a href=\"https:\/\/eur02.safelinks.protection.outlook.com\/?url=https%3A%2F%2Fmj.sfp.fi%2Flnk%2FAW8AAJYZWUoAAc7d1WYAALQQskYAAYCrwyYAm66wAAgVpQBpz3F2gPfKp9ZJQM215wJ0EbdN9AAHJDo%2F4%2FBPMI7oa5uOhsVHFhdLSLbA%2FaHR0cHM6Ly9zZnAuZmkvb3JkZm9yYW5kZWJsb2dnL3JlbGlnaW9uc3VuZGVydmlzbmluZ2VuLWt1bmRlLXZhcmEtZW4tZm9yZW5hbmRlLWZha3Rvci8&amp;data=05%7C02%7Ckim.liljequist%40kirkkonummi.fi%7Cd6ccfadb8a5347e571a008de9155cad9%7C6d061a28d42744ff8ce00e1b76dd90ab%7C0%7C0%7C639107994836308807%7CUnknown%7CTWFpbGZsb3d8eyJFbXB0eU1hcGkiOnRydWUsIlYiOiIwLjAuMDAwMCIsIlAiOiJXaW4zMiIsIkFOIjoiTWFpbCIsIldUIjoyfQ%3D%3D%7C0%7C%7C%7C&amp;sdata=ig9A28SsCwubcsSIS9gBehpDfoloHmdWad%2F41hlr4Ro%3D&amp;reserved=0\" target=\"_blank\" rel=\"noreferrer noopener\"><u>religionsundervisningens<\/u><\/a>\u00a0framtid. <br><br>Fr\u00e5gan \u00e4r komplex och kr\u00e4ver en grundlig utredning. Dagens modell med 15 olika \u00e4mnen leder till att elever delas upp enligt religi\u00f6s tillh\u00f6righet, \u00e4r resurskr\u00e4vande och g\u00f6r att vi inte alltid har insyn i vad som undervisas. Skolans uppgift \u00e4r inte att st\u00e4rka en viss religi\u00f6s identitet, utan att ge kunskap, allm\u00e4nbildning och f\u00f6rst\u00e5else. Ett gemensamt \u00e5sk\u00e5dnings\u00e4mne kunde samla eleverna och st\u00e4rka den gemensamma f\u00f6rst\u00e5elsen f\u00f6r olika religioner och livs\u00e5sk\u00e5dningar. Det handlar allts\u00e5 inte om att slopa religionsundervisningen, utan om att utveckla, och f\u00f6rst\u00e4rka den.<br><br><strong>120 \u00e5r av resultatpolitik<\/strong><br><br>Om n\u00e5gra veckor \u00e4r det precis ett \u00e5r till n\u00e4sta riksdagsval. Kretsarna har gjort ett gediget arbete med f\u00f6rberedelserna. Det kan k\u00e4nnas som att f\u00f6rra valet inte ligger l\u00e5ngt bakom oss, men nu \u00e4r det dags att slipa v\u00e5ra budskap och blicka fram\u00e5t. Att SFP dessutom firar 120 \u00e5r i \u00e5r ger oss en bra m\u00f6jlighet att b\u00e5de reflektera \u00f6ver det l\u00e5nga arbete som ligger bakom oss och tydligg\u00f6ra v\u00e4gen fram\u00e5t. Det visionsarbete som m\u00e5nga av er deltagit under det senaste \u00e5ret \u00e4r ocks\u00e5 en del av den helheten.<br><br>Denna vecka inledde jag i Ukraina, d\u00e4r\u00a0<a href=\"https:\/\/eur02.safelinks.protection.outlook.com\/?url=https%3A%2F%2Fmj.sfp.fi%2Flnk%2FAW8AAJYZWUoAAc7d1WYAALQQskYAAYCrwyYAm66wAAgVpQBpz3F2gPfKp9ZJQM215wJ0EbdN9AAHJDo%2F5%2F0xOk7Y3zbQzvoeFt3u6Hww%2FaHR0cHM6Ly9zZnAuZmkvYXJ0aWtsYXIvYWRsZXJjcmV1dHotaS1idXRqYS11a3JhaW5hcy1rYW1wLWZvci1mcmloZXQtb2NoLXJhdHR2aXNhLWJlcm9yLW9zcy1hbGxhLw&amp;data=05%7C02%7Ckim.liljequist%40kirkkonummi.fi%7Cd6ccfadb8a5347e571a008de9155cad9%7C6d061a28d42744ff8ce00e1b76dd90ab%7C0%7C0%7C639107994836327980%7CUnknown%7CTWFpbGZsb3d8eyJFbXB0eU1hcGkiOnRydWUsIlYiOiIwLjAuMDAwMCIsIlAiOiJXaW4zMiIsIkFOIjoiTWFpbCIsIldUIjoyfQ%3D%3D%7C0%7C%7C%7C&amp;sdata=7VBEf%2FmEeq%2FMSegw%2BPn%2FTSJwsXHCaPx2p%2BzeiOBt9R0%3D&amp;reserved=0\" target=\"_blank\" rel=\"noreferrer noopener\"><u>jag representerade Finland<\/u><\/a>\u00a0p\u00e5 EU:s utrikesministerm\u00f6te i st\u00e4llet f\u00f6r Elina Valtonen. H\u00e4rn\u00e4st v\u00e4ntar f\u00f6rberedande arbete inf\u00f6r v\u00e5rens ramria, d\u00e4r diskussionerna inte kommer att vara l\u00e4tta. Ekonomin \u00e4r pressad och vi har tidigare beslut som nu m\u00e5ste verkst\u00e4llas, samtidigt som v\u00e4rldsl\u00e4get \u00e4r turbulent. Mer om det i n\u00e4sta nyhetsbrev \u2013 nu blir det p\u00e5sk och n\u00e5gra lugnare dagar v\u00e4ntar tillsammans med familjen.<br>\u00a0<br>Glad p\u00e5sk!<br>\u00a0<br>din ordf\u00f6rande<br><img decoding=\"async\" width=\"500\" height=\"auto\" src=\"https:\/\/mj.sfp.fi\/img2\/h6i9\/009a8885-12a6-4a7a-82e7-800f38854167\/content\" alt=\"\"><\/td><\/tr><\/tbody><\/table><\/figure>\n\n\n\n<p class=\"has-text-align-center\"><strong>F\u00f6lj oss p\u00e5 Facebook<\/strong>: <a href=\"https:\/\/www.facebook.com\/SFPiKyrkslatt\/\" target=\"_blank\" rel=\"noreferrer noopener\">https:\/\/www.facebook.com\/SFPiKyrkslatt\/<\/a> <strong>och p\u00e5 Instagram<\/strong> <a href=\"https:\/\/www.instagram.com\/sfp_kyrkslatt\/?hl=fi\">https:\/\/www.instagram.com\/sfp_kyrkslatt\/?hl=fi<\/a><\/p>\n\n\n<div class=\"wp-block-image\">\n<figure class=\"aligncenter size-large is-resized\"><img loading=\"lazy\" decoding=\"async\" width=\"1024\" height=\"302\" src=\"https:\/\/sfpkyrkslatt.fi\/wp-content\/uploads\/2020\/05\/Kyrkslatt1-1-1024x302.png\" alt=\"\" class=\"wp-image-2666\" style=\"width:222px;height:auto\" srcset=\"https:\/\/sfpkyrkslatt.fi\/wp-content\/uploads\/2020\/05\/Kyrkslatt1-1-1024x302.png 1024w, https:\/\/sfpkyrkslatt.fi\/wp-content\/uploads\/2020\/05\/Kyrkslatt1-1-300x88.png 300w, https:\/\/sfpkyrkslatt.fi\/wp-content\/uploads\/2020\/05\/Kyrkslatt1-1-768x226.png 768w, https:\/\/sfpkyrkslatt.fi\/wp-content\/uploads\/2020\/05\/Kyrkslatt1-1-850x250.png 850w, https:\/\/sfpkyrkslatt.fi\/wp-content\/uploads\/2020\/05\/Kyrkslatt1-1.png 1181w\" sizes=\"auto, (max-width: 1024px) 100vw, 1024px\" \/><\/figure>\n<\/div>","protected":false},"excerpt":{"rendered":"<p>Anders Adlercreutz, s\u00e5v\u00e4l en aktiv lokalpolitiker som Kyrksl\u00e4tts egna riksdagsledamot, partiordf\u00f6rande och minister, skickar nedan sina h\u00e4lsningar. Anders arbete i riksdagen och lokalpolitiken kan du f\u00f6lja med via hans Facebook-sida eller blogg. B\u00e4sta SFP:are &#8211; Hyv\u00e4t RKP:l\u00e4iset\u00a0 Det k\u00e4nns som att \u00e5ret knappt har hunnit b\u00f6rja, men kalendern s\u00e4ger att det \u00e4r p\u00e5sk och att&#8230;<\/p>\n","protected":false},"author":4,"featured_media":0,"parent":0,"menu_order":0,"comment_status":"closed","ping_status":"closed","template":"","meta":{"footnotes":""},"class_list":["post-1020","page","type-page","status-publish","hentry"],"jetpack_sharing_enabled":true,"_links":{"self":[{"href":"https:\/\/sfpkyrkslatt.fi\/index.php\/wp-json\/wp\/v2\/pages\/1020","targetHints":{"allow":["GET"]}}],"collection":[{"href":"https:\/\/sfpkyrkslatt.fi\/index.php\/wp-json\/wp\/v2\/pages"}],"about":[{"href":"https:\/\/sfpkyrkslatt.fi\/index.php\/wp-json\/wp\/v2\/types\/page"}],"author":[{"embeddable":true,"href":"https:\/\/sfpkyrkslatt.fi\/index.php\/wp-json\/wp\/v2\/users\/4"}],"replies":[{"embeddable":true,"href":"https:\/\/sfpkyrkslatt.fi\/index.php\/wp-json\/wp\/v2\/comments?post=1020"}],"version-history":[{"count":50,"href":"https:\/\/sfpkyrkslatt.fi\/index.php\/wp-json\/wp\/v2\/pages\/1020\/revisions"}],"predecessor-version":[{"id":3114,"href":"https:\/\/sfpkyrkslatt.fi\/index.php\/wp-json\/wp\/v2\/pages\/1020\/revisions\/3114"}],"wp:attachment":[{"href":"https:\/\/sfpkyrkslatt.fi\/index.php\/wp-json\/wp\/v2\/media?parent=1020"}],"curies":[{"name":"wp","href":"https:\/\/api.w.org\/{rel}","templated":true}]}}