{"id":2041,"date":"2021-10-30T07:07:26","date_gmt":"2021-10-30T05:07:26","guid":{"rendered":"http:\/\/sfpkyrkslatt.fi\/?page_id=2041"},"modified":"2022-01-28T11:09:47","modified_gmt":"2022-01-28T09:09:47","slug":"valfardsomradesval-2022","status":"publish","type":"page","link":"https:\/\/sfpkyrkslatt.fi\/index.php\/valfardsomradesval-2022\/","title":{"rendered":"VO-val 2022"},"content":{"rendered":"<p>Som ett resultat av social- och h\u00e4lsov\u00e5rdsreformen hade vi den 23 januari 2022\u00a0 v\u00e4lf\u00e4rdsomr\u00e5desval. H\u00e4r kan du l\u00e4sa SFP:s <a href=\"https:\/\/val.sfp.fi\/valprogram\/\">valprogram f\u00f6r v\u00e4lf\u00e4rdsomr\u00e5desvalet 2022<\/a>, det finns att l\u00e4sa p\u00e5 <a href=\"https:\/\/val.sfp.fi\/fi\/vaaliohjelma\/\">finska h\u00e4r<\/a> och <a href=\"https:\/\/val.sfp.fi\/en\/election-platform\/\">engelska h\u00e4r<\/a>.<\/p>\n<p><span style=\"text-decoration: underline;\"><strong>Huvudpunkterna i valprogrammet:<\/strong><\/span><\/p>\n<ul>\n<li>Alla har r\u00e4tt till en h\u00f6gklassig v\u00e5rd och omsorg<\/li>\n<li>Prim\u00e4rh\u00e4lsov\u00e5rden \u2014 n\u00e4ra dig, d\u00e5 du beh\u00f6ver den<\/li>\n<li>Specialsjukv\u00e5rden \u2014 inom rimligt avst\u00e5nd och av h\u00f6gsta kvalitet<\/li>\n<li>Socialv\u00e5rden \u2014 hj\u00e4lp p\u00e5 r\u00e4tt s\u00e4tt och i r\u00e4tt tid<\/li>\n<li>Barn, unga och familjer \u2014 grunden f\u00f6r v\u00e4lbefinnande l\u00e4ggs tidigt<\/li>\n<li>\u00c4ldreomsorg \u2014 en trygg \u00e5lderdom<\/li>\n<li>Missbrukarv\u00e5rden \u2014 effektiv hj\u00e4lp i tid<\/li>\n<li>Funktionshinderservice \u2014 ett inkluderande samh\u00e4lle<\/li>\n<li>R\u00e4ddningstj\u00e4nster \u2014 ett tryggt samh\u00e4lle<\/li>\n<\/ul>\n\n\n<figure class=\"wp-block-image size-large\"><img loading=\"lazy\" decoding=\"async\" width=\"1024\" height=\"828\" src=\"https:\/\/sfpkyrkslatt.fi\/wp-content\/uploads\/2022\/01\/Tack-KS-VO-val-3-1024x828.png\" alt=\"\" class=\"wp-image-2238\" srcset=\"https:\/\/sfpkyrkslatt.fi\/wp-content\/uploads\/2022\/01\/Tack-KS-VO-val-3-1024x828.png 1024w, https:\/\/sfpkyrkslatt.fi\/wp-content\/uploads\/2022\/01\/Tack-KS-VO-val-3-300x242.png 300w, https:\/\/sfpkyrkslatt.fi\/wp-content\/uploads\/2022\/01\/Tack-KS-VO-val-3-768x621.png 768w, https:\/\/sfpkyrkslatt.fi\/wp-content\/uploads\/2022\/01\/Tack-KS-VO-val-3-1536x1241.png 1536w, https:\/\/sfpkyrkslatt.fi\/wp-content\/uploads\/2022\/01\/Tack-KS-VO-val-3-624x504.png 624w, https:\/\/sfpkyrkslatt.fi\/wp-content\/uploads\/2022\/01\/Tack-KS-VO-val-3.png 1893w\" sizes=\"auto, (max-width: 1024px) 100vw, 1024px\" \/><\/figure>\n\n\n\n<p class=\"has-text-align-center\"><strong>F\u00f6lj oss p\u00e5 Facebook<\/strong>: <a href=\"https:\/\/www.facebook.com\/SFPiKyrkslatt\/\" target=\"_blank\" rel=\"noreferrer noopener\">https:\/\/www.facebook.com\/SFPiKyrkslatt\/<\/a> <strong>och p\u00e5 Instagram<\/strong> <a href=\"https:\/\/www.instagram.com\/sfp_kyrkslatt\/?hl=fi\">https:\/\/www.instagram.com\/sfp_kyrkslatt\/?hl=fi<\/a><\/p>\n\n\n<div class=\"wp-block-image\">\n<figure class=\"aligncenter size-large is-resized\"><img loading=\"lazy\" decoding=\"async\" width=\"1024\" height=\"302\" src=\"https:\/\/sfpkyrkslatt.fi\/wp-content\/uploads\/2020\/05\/Kyrkslatt1-1-1024x302.png\" alt=\"\" class=\"wp-image-2666\" style=\"width:222px;height:auto\" srcset=\"https:\/\/sfpkyrkslatt.fi\/wp-content\/uploads\/2020\/05\/Kyrkslatt1-1-1024x302.png 1024w, https:\/\/sfpkyrkslatt.fi\/wp-content\/uploads\/2020\/05\/Kyrkslatt1-1-300x88.png 300w, https:\/\/sfpkyrkslatt.fi\/wp-content\/uploads\/2020\/05\/Kyrkslatt1-1-768x226.png 768w, https:\/\/sfpkyrkslatt.fi\/wp-content\/uploads\/2020\/05\/Kyrkslatt1-1-850x250.png 850w, https:\/\/sfpkyrkslatt.fi\/wp-content\/uploads\/2020\/05\/Kyrkslatt1-1.png 1181w\" sizes=\"auto, (max-width: 1024px) 100vw, 1024px\" \/><\/figure>\n<\/div>","protected":false},"excerpt":{"rendered":"<p>Som ett resultat av social- och h\u00e4lsov\u00e5rdsreformen hade vi den 23 januari 2022\u00a0 v\u00e4lf\u00e4rdsomr\u00e5desval. H\u00e4r kan du l\u00e4sa SFP:s valprogram f\u00f6r v\u00e4lf\u00e4rdsomr\u00e5desvalet 2022, det finns att l\u00e4sa p\u00e5 finska h\u00e4r och engelska h\u00e4r. Huvudpunkterna i valprogrammet: Alla har r\u00e4tt till en h\u00f6gklassig v\u00e5rd och omsorg Prim\u00e4rh\u00e4lsov\u00e5rden \u2014 n\u00e4ra dig, d\u00e5 du beh\u00f6ver den Specialsjukv\u00e5rden \u2014&#8230;<\/p>\n","protected":false},"author":4,"featured_media":0,"parent":0,"menu_order":0,"comment_status":"closed","ping_status":"closed","template":"","meta":{"footnotes":""},"class_list":["post-2041","page","type-page","status-publish","hentry"],"jetpack_sharing_enabled":true,"_links":{"self":[{"href":"https:\/\/sfpkyrkslatt.fi\/index.php\/wp-json\/wp\/v2\/pages\/2041","targetHints":{"allow":["GET"]}}],"collection":[{"href":"https:\/\/sfpkyrkslatt.fi\/index.php\/wp-json\/wp\/v2\/pages"}],"about":[{"href":"https:\/\/sfpkyrkslatt.fi\/index.php\/wp-json\/wp\/v2\/types\/page"}],"author":[{"embeddable":true,"href":"https:\/\/sfpkyrkslatt.fi\/index.php\/wp-json\/wp\/v2\/users\/4"}],"replies":[{"embeddable":true,"href":"https:\/\/sfpkyrkslatt.fi\/index.php\/wp-json\/wp\/v2\/comments?post=2041"}],"version-history":[{"count":48,"href":"https:\/\/sfpkyrkslatt.fi\/index.php\/wp-json\/wp\/v2\/pages\/2041\/revisions"}],"predecessor-version":[{"id":2241,"href":"https:\/\/sfpkyrkslatt.fi\/index.php\/wp-json\/wp\/v2\/pages\/2041\/revisions\/2241"}],"wp:attachment":[{"href":"https:\/\/sfpkyrkslatt.fi\/index.php\/wp-json\/wp\/v2\/media?parent=2041"}],"curies":[{"name":"wp","href":"https:\/\/api.w.org\/{rel}","templated":true}]}}