{"id":25,"date":"2017-06-19T19:00:00","date_gmt":"2017-06-19T17:00:00","guid":{"rendered":"http:\/\/protosfp.wordpress.com\/?page_id=19"},"modified":"2025-06-17T06:34:25","modified_gmt":"2025-06-17T04:34:25","slug":"kommunstyrelsen","status":"publish","type":"page","link":"https:\/\/sfpkyrkslatt.fi\/index.php\/kommunfullmaktige\/kommunstyrelsen\/","title":{"rendered":"Kommunstyrelsen"},"content":{"rendered":"<p>P\u00e5 Kyrksl\u00e4tts kommuns <a href=\"https:\/\/www.kyrkslatt.fi\/kommunstyrelsen\">n\u00e4tsidor<\/a> skildras n\u00e4rmare om kommunstyrelsens uppgifter. D\u00e4r skrivs:<\/p>\n<h5 style=\"padding-left: 80px;\"><em>&#8221;Kommunstyrelsen \u00e4r ut\u00f6ver fullm\u00e4ktige ett obligatoriskt organ. Kommunstyrelsen ansvarar f\u00f6r kommunens f\u00f6rvaltning och ekonomi samt f\u00f6r beredningen och verkst\u00e4lligheten av fullm\u00e4ktiges beslut och f\u00f6r tillsynen \u00f6ver beslutens laglighet. Kommunstyrelsen bevakar kommunens intresse samt, om inte annat beslutats i f\u00f6rvaltningsstadgan, f\u00f6retr\u00e4der kommunen och f\u00f6r kommunens talan. Kommunstyrelsens st\u00e4llning i kommunens dagliga f\u00f6rvaltning \u00e4r central. Fullm\u00e4ktige v\u00e4ljer ledam\u00f6terna i kommunstyrelsen. Styrelsens mandatperiod \u00e4r tv\u00e5 \u00e5r.&#8221;<\/em><\/h5>\n<p>Nedan finner du SFP:s representanter i kommunstyrelsen under perioden 2025 \u2013 2027. Du n\u00e5r oss via v\u00e5ra e-postadresser, vilka \u00e4r fornamn.efternamn@kirkkonummi.fi.<\/p>\n<p>Kommunstyrelsens \u00f6vriga uppgifter <a href=\"https:\/\/www.kyrkslatt.fi\/kommunstyrelsen\">hittar du h\u00e4r<\/a>.<\/p>\n<p>Protokoll och f\u00f6redragningslistor f\u00f6r \u00e4renden som behandlas <a href=\"http:\/\/kirkkonummise.oncloudos.com\/cgi\/DREQUEST.PHP?page=meetings&amp;id=4\">hittar du h\u00e4r<\/a>.<\/p>\n\n\n<table id=\"tablepress-19\" class=\"tablepress tablepress-id-19\">\n<tbody class=\"row-striping row-hover\">\n<tr class=\"row-1\">\n\t<td class=\"column-1\"><img loading=\"lazy\" decoding=\"async\" src=\"https:\/\/sfpkyrkslatt.fi\/wp-content\/uploads\/2025\/06\/Frimodig_Josephine-150x150.jpg\" alt=\"\" width=\"150\" height=\"150\" class=\"alignleft size-thumbnail wp-image-2978\" srcset=\"https:\/\/sfpkyrkslatt.fi\/wp-content\/uploads\/2025\/06\/Frimodig_Josephine-150x150.jpg 150w, https:\/\/sfpkyrkslatt.fi\/wp-content\/uploads\/2025\/06\/Frimodig_Josephine-300x300.jpg 300w, https:\/\/sfpkyrkslatt.fi\/wp-content\/uploads\/2025\/06\/Frimodig_Josephine-768x768.jpg 768w, https:\/\/sfpkyrkslatt.fi\/wp-content\/uploads\/2025\/06\/Frimodig_Josephine-850x850.jpg 850w, https:\/\/sfpkyrkslatt.fi\/wp-content\/uploads\/2025\/06\/Frimodig_Josephine.jpg 864w\" sizes=\"auto, (max-width: 150px) 100vw, 150px\" \/><br \/>\n<br \/>\nJosephine Frimodig<br \/>\n2. viceordf\u00f6rande<\/td><td class=\"column-2\"><img loading=\"lazy\" decoding=\"async\" src=\"https:\/\/sfpkyrkslatt.fi\/wp-content\/uploads\/2025\/06\/Liljequist_Kim-150x150.jpg\" alt=\"\" width=\"150\" height=\"150\" class=\"alignleft size-thumbnail wp-image-2979\" srcset=\"https:\/\/sfpkyrkslatt.fi\/wp-content\/uploads\/2025\/06\/Liljequist_Kim-150x150.jpg 150w, https:\/\/sfpkyrkslatt.fi\/wp-content\/uploads\/2025\/06\/Liljequist_Kim-300x300.jpg 300w, https:\/\/sfpkyrkslatt.fi\/wp-content\/uploads\/2025\/06\/Liljequist_Kim-768x768.jpg 768w, https:\/\/sfpkyrkslatt.fi\/wp-content\/uploads\/2025\/06\/Liljequist_Kim-850x850.jpg 850w, https:\/\/sfpkyrkslatt.fi\/wp-content\/uploads\/2025\/06\/Liljequist_Kim.jpg 907w\" sizes=\"auto, (max-width: 150px) 100vw, 150px\" \/><br \/>\n<br \/>\nKim Liljequist<br \/>\nSuppleant<\/td>\n<\/tr>\n<tr class=\"row-2\">\n\t<td class=\"column-1\"><img loading=\"lazy\" decoding=\"async\" src=\"https:\/\/sfpkyrkslatt.fi\/wp-content\/uploads\/2025\/06\/Valtonen_Martin-150x150.jpg\" alt=\"\" width=\"150\" height=\"150\" class=\"alignleft size-thumbnail wp-image-2972\" srcset=\"https:\/\/sfpkyrkslatt.fi\/wp-content\/uploads\/2025\/06\/Valtonen_Martin-150x150.jpg 150w, https:\/\/sfpkyrkslatt.fi\/wp-content\/uploads\/2025\/06\/Valtonen_Martin-300x300.jpg 300w, https:\/\/sfpkyrkslatt.fi\/wp-content\/uploads\/2025\/06\/Valtonen_Martin-768x768.jpg 768w, https:\/\/sfpkyrkslatt.fi\/wp-content\/uploads\/2025\/06\/Valtonen_Martin-850x850.jpg 850w, https:\/\/sfpkyrkslatt.fi\/wp-content\/uploads\/2025\/06\/Valtonen_Martin.jpg 907w\" sizes=\"auto, (max-width: 150px) 100vw, 150px\" \/><br \/>\n<br \/>\nMartin Valtonen<br \/>\nMedlem<\/td><td class=\"column-2\"><img loading=\"lazy\" decoding=\"async\" src=\"https:\/\/sfpkyrkslatt.fi\/wp-content\/uploads\/2025\/06\/Basilier_Linda-3-150x150.jpg\" alt=\"\" width=\"150\" height=\"150\" class=\"alignleft size-thumbnail wp-image-2995\" srcset=\"https:\/\/sfpkyrkslatt.fi\/wp-content\/uploads\/2025\/06\/Basilier_Linda-3-150x150.jpg 150w, https:\/\/sfpkyrkslatt.fi\/wp-content\/uploads\/2025\/06\/Basilier_Linda-3-300x298.jpg 300w, https:\/\/sfpkyrkslatt.fi\/wp-content\/uploads\/2025\/06\/Basilier_Linda-3-768x763.jpg 768w, https:\/\/sfpkyrkslatt.fi\/wp-content\/uploads\/2025\/06\/Basilier_Linda-3.jpg 825w\" sizes=\"auto, (max-width: 150px) 100vw, 150px\" \/><br \/>\n<br \/>\nLinda Basilier<br \/>\nSuppleant<\/td>\n<\/tr>\n<tr class=\"row-3\">\n\t<td class=\"column-1\"><img loading=\"lazy\" decoding=\"async\" src=\"https:\/\/sfpkyrkslatt.fi\/wp-content\/uploads\/2025\/06\/Kjerin_Ulf-150x150.jpg\" alt=\"\" width=\"150\" height=\"150\" class=\"alignleft size-thumbnail wp-image-2975\" srcset=\"https:\/\/sfpkyrkslatt.fi\/wp-content\/uploads\/2025\/06\/Kjerin_Ulf-150x150.jpg 150w, https:\/\/sfpkyrkslatt.fi\/wp-content\/uploads\/2025\/06\/Kjerin_Ulf-300x300.jpg 300w, https:\/\/sfpkyrkslatt.fi\/wp-content\/uploads\/2025\/06\/Kjerin_Ulf-768x768.jpg 768w, https:\/\/sfpkyrkslatt.fi\/wp-content\/uploads\/2025\/06\/Kjerin_Ulf-850x850.jpg 850w, https:\/\/sfpkyrkslatt.fi\/wp-content\/uploads\/2025\/06\/Kjerin_Ulf.jpg 871w\" sizes=\"auto, (max-width: 150px) 100vw, 150px\" \/><br \/>\n<br \/>\nUlf Kjerin<br \/>\nMedlem<\/td><td class=\"column-2\"><\/td>\n<\/tr>\n<\/tbody>\n<\/table>\n\n\n\n\n<p class=\"has-text-align-center\"><strong>F\u00f6lj oss p\u00e5 Facebook<\/strong>: <a href=\"https:\/\/www.facebook.com\/SFPiKyrkslatt\/\" target=\"_blank\" rel=\"noreferrer noopener\">https:\/\/www.facebook.com\/SFPiKyrkslatt\/<\/a> <strong>och p\u00e5 Instagram<\/strong> <a href=\"https:\/\/www.instagram.com\/sfp_kyrkslatt\/?hl=fi\">https:\/\/www.instagram.com\/sfp_kyrkslatt\/?hl=fi<\/a><\/p>\n\n\n<div class=\"wp-block-image\">\n<figure class=\"aligncenter size-large is-resized\"><img loading=\"lazy\" decoding=\"async\" width=\"1024\" height=\"302\" src=\"https:\/\/sfpkyrkslatt.fi\/wp-content\/uploads\/2020\/05\/Kyrkslatt1-1-1024x302.png\" alt=\"\" class=\"wp-image-2666\" style=\"width:222px;height:auto\" srcset=\"https:\/\/sfpkyrkslatt.fi\/wp-content\/uploads\/2020\/05\/Kyrkslatt1-1-1024x302.png 1024w, https:\/\/sfpkyrkslatt.fi\/wp-content\/uploads\/2020\/05\/Kyrkslatt1-1-300x88.png 300w, https:\/\/sfpkyrkslatt.fi\/wp-content\/uploads\/2020\/05\/Kyrkslatt1-1-768x226.png 768w, https:\/\/sfpkyrkslatt.fi\/wp-content\/uploads\/2020\/05\/Kyrkslatt1-1-850x250.png 850w, https:\/\/sfpkyrkslatt.fi\/wp-content\/uploads\/2020\/05\/Kyrkslatt1-1.png 1181w\" sizes=\"auto, (max-width: 1024px) 100vw, 1024px\" \/><\/figure>\n<\/div>","protected":false},"excerpt":{"rendered":"<p>P\u00e5 Kyrksl\u00e4tts kommuns n\u00e4tsidor skildras n\u00e4rmare om kommunstyrelsens uppgifter. D\u00e4r skrivs: &#8221;Kommunstyrelsen \u00e4r ut\u00f6ver fullm\u00e4ktige ett obligatoriskt organ. Kommunstyrelsen ansvarar f\u00f6r kommunens f\u00f6rvaltning och ekonomi samt f\u00f6r beredningen och verkst\u00e4lligheten av fullm\u00e4ktiges beslut och f\u00f6r tillsynen \u00f6ver beslutens laglighet. Kommunstyrelsen bevakar kommunens intresse samt, om inte annat beslutats i f\u00f6rvaltningsstadgan, f\u00f6retr\u00e4der kommunen och f\u00f6r kommunens&#8230;<\/p>\n","protected":false},"author":3,"featured_media":0,"parent":22,"menu_order":0,"comment_status":"closed","ping_status":"closed","template":"","meta":{"footnotes":""},"class_list":["post-25","page","type-page","status-publish","hentry"],"jetpack_sharing_enabled":true,"_links":{"self":[{"href":"https:\/\/sfpkyrkslatt.fi\/index.php\/wp-json\/wp\/v2\/pages\/25","targetHints":{"allow":["GET"]}}],"collection":[{"href":"https:\/\/sfpkyrkslatt.fi\/index.php\/wp-json\/wp\/v2\/pages"}],"about":[{"href":"https:\/\/sfpkyrkslatt.fi\/index.php\/wp-json\/wp\/v2\/types\/page"}],"author":[{"embeddable":true,"href":"https:\/\/sfpkyrkslatt.fi\/index.php\/wp-json\/wp\/v2\/users\/3"}],"replies":[{"embeddable":true,"href":"https:\/\/sfpkyrkslatt.fi\/index.php\/wp-json\/wp\/v2\/comments?post=25"}],"version-history":[{"count":14,"href":"https:\/\/sfpkyrkslatt.fi\/index.php\/wp-json\/wp\/v2\/pages\/25\/revisions"}],"predecessor-version":[{"id":2998,"href":"https:\/\/sfpkyrkslatt.fi\/index.php\/wp-json\/wp\/v2\/pages\/25\/revisions\/2998"}],"up":[{"embeddable":true,"href":"https:\/\/sfpkyrkslatt.fi\/index.php\/wp-json\/wp\/v2\/pages\/22"}],"wp:attachment":[{"href":"https:\/\/sfpkyrkslatt.fi\/index.php\/wp-json\/wp\/v2\/media?parent=25"}],"curies":[{"name":"wp","href":"https:\/\/api.w.org\/{rel}","templated":true}]}}