{"id":617,"date":"2017-07-08T08:24:58","date_gmt":"2017-07-08T05:24:58","guid":{"rendered":"https:\/\/sfpkyrkslatt.wordpress.com\/?page_id=617"},"modified":"2022-06-27T20:47:06","modified_gmt":"2022-06-27T18:47:06","slug":"kvinnoforbundet","status":"publish","type":"page","link":"https:\/\/sfpkyrkslatt.fi\/index.php\/sfp-2\/kvinnoforbundet\/","title":{"rendered":"Kvinnof\u00f6rbundet i Kyrksl\u00e4tt"},"content":{"rendered":"\n<p>Svenska Kvinnof\u00f6rbundet i Kyrksl\u00e4tt \u00e4r den samlande kraften f\u00f6r liberala feminister i Kyrksl\u00e4tt.&nbsp;<\/p>\n\n\n\n<p>Vi har en bred verksamhet med m\u00e5len att p\u00e5verka samh\u00e4llet&nbsp;i en feministisk riktning. Vi ordnar diskussioner och seminarier och har erfarenhetsutbyten med systerorganisationer. Vi driver ocks\u00e5 opinion inom Svenska Kvinnof\u00f6rbundet&nbsp;genom motioner och&nbsp;samarbetar med SFP i olika j\u00e4mst\u00e4lldhetsfr\u00e5gor.<\/p>\n\n\n\n<p>V\u00e5r ambition \u00e4r att under ett verksamhets\u00e5r ha en blandning av kampanjer, webbinarier och\u00a0seminarier. Via <a href=\"https:\/\/kyrkslatt.kvinnoforbundet.fi\/start\/\">denna l\u00e4nk<\/a> kan du l\u00e4sa mera.<\/p>\n\n\n\n<table id=\"tablepress-14\" class=\"tablepress tablepress-id-14\">\n<thead>\n<tr class=\"row-1\">\n\t<th class=\"column-1\"><strong>Styrelsen 2026<\/strong><\/th><td class=\"column-2\"><\/td>\n<\/tr>\n<\/thead>\n<tbody class=\"row-striping row-hover\">\n<tr class=\"row-2\">\n\t<td class=\"column-1\"><strong>Ordf\u00f6rande<\/strong><\/td><td class=\"column-2\"><strong>Viceordf\u00f6rande<\/strong><\/td>\n<\/tr>\n<tr class=\"row-3\">\n\t<td class=\"column-1\"><img loading=\"lazy\" decoding=\"async\" src=\"https:\/\/sfpkyrkslatt.fi\/wp-content\/uploads\/2025\/03\/Basilier_Linda-3-150x150.jpg\" alt=\"\" width=\"150\" height=\"150\" class=\"alignleft size-thumbnail wp-image-2821\" srcset=\"https:\/\/sfpkyrkslatt.fi\/wp-content\/uploads\/2025\/03\/Basilier_Linda-3-150x150.jpg 150w, https:\/\/sfpkyrkslatt.fi\/wp-content\/uploads\/2025\/03\/Basilier_Linda-3-300x300.jpg 300w, https:\/\/sfpkyrkslatt.fi\/wp-content\/uploads\/2025\/03\/Basilier_Linda-3-768x768.jpg 768w, https:\/\/sfpkyrkslatt.fi\/wp-content\/uploads\/2025\/03\/Basilier_Linda-3-850x850.jpg 850w, https:\/\/sfpkyrkslatt.fi\/wp-content\/uploads\/2025\/03\/Basilier_Linda-3.jpg 924w\" sizes=\"auto, (max-width: 150px) 100vw, 150px\" \/><br \/>\n<br \/>\nLinda Basilier<\/td><td class=\"column-2\"><img loading=\"lazy\" decoding=\"async\" src=\"https:\/\/sfpkyrkslatt.fi\/wp-content\/uploads\/2025\/03\/Sved_Ann-Christine-150x150.jpg\" alt=\"\" width=\"150\" height=\"150\" class=\"alignleft size-thumbnail wp-image-2818\" srcset=\"https:\/\/sfpkyrkslatt.fi\/wp-content\/uploads\/2025\/03\/Sved_Ann-Christine-150x150.jpg 150w, https:\/\/sfpkyrkslatt.fi\/wp-content\/uploads\/2025\/03\/Sved_Ann-Christine-300x300.jpg 300w, https:\/\/sfpkyrkslatt.fi\/wp-content\/uploads\/2025\/03\/Sved_Ann-Christine-768x768.jpg 768w, https:\/\/sfpkyrkslatt.fi\/wp-content\/uploads\/2025\/03\/Sved_Ann-Christine-850x850.jpg 850w, https:\/\/sfpkyrkslatt.fi\/wp-content\/uploads\/2025\/03\/Sved_Ann-Christine.jpg 938w\" sizes=\"auto, (max-width: 150px) 100vw, 150px\" \/><br \/>\n<br \/>\nAnn-Christine Sved<\/td>\n<\/tr>\n<tr class=\"row-4\">\n\t<td class=\"column-1\"><strong>\u00d6vriga styrelsemedlemmar<\/strong><\/td><td class=\"column-2\"><\/td>\n<\/tr>\n<tr class=\"row-5\">\n\t<td class=\"column-1\"><img loading=\"lazy\" decoding=\"async\" src=\"https:\/\/sfpkyrkslatt.fi\/wp-content\/uploads\/2025\/06\/Bjorkqvist_Matilda-150x150.jpg\" alt=\"\" width=\"150\" height=\"150\" class=\"alignleft size-thumbnail wp-image-2985\" srcset=\"https:\/\/sfpkyrkslatt.fi\/wp-content\/uploads\/2025\/06\/Bjorkqvist_Matilda-150x150.jpg 150w, https:\/\/sfpkyrkslatt.fi\/wp-content\/uploads\/2025\/06\/Bjorkqvist_Matilda-300x300.jpg 300w, https:\/\/sfpkyrkslatt.fi\/wp-content\/uploads\/2025\/06\/Bjorkqvist_Matilda-768x768.jpg 768w, https:\/\/sfpkyrkslatt.fi\/wp-content\/uploads\/2025\/06\/Bjorkqvist_Matilda-850x850.jpg 850w, https:\/\/sfpkyrkslatt.fi\/wp-content\/uploads\/2025\/06\/Bjorkqvist_Matilda.jpg 945w\" sizes=\"auto, (max-width: 150px) 100vw, 150px\" \/><br \/>\n<br \/>\nMatilda Bj\u00f6rkqvist<\/td><td class=\"column-2\"><img loading=\"lazy\" decoding=\"async\" src=\"https:\/\/sfpkyrkslatt.fi\/wp-content\/uploads\/2024\/03\/avatar-3814049_1920-150x150.png\" alt=\"\" width=\"150\" height=\"150\" class=\"alignleft size-thumbnail wp-image-2581\" srcset=\"https:\/\/sfpkyrkslatt.fi\/wp-content\/uploads\/2024\/03\/avatar-3814049_1920-150x150.png 150w, https:\/\/sfpkyrkslatt.fi\/wp-content\/uploads\/2024\/03\/avatar-3814049_1920-300x300.png 300w, https:\/\/sfpkyrkslatt.fi\/wp-content\/uploads\/2024\/03\/avatar-3814049_1920-1024x1024.png 1024w, https:\/\/sfpkyrkslatt.fi\/wp-content\/uploads\/2024\/03\/avatar-3814049_1920-768x768.png 768w, https:\/\/sfpkyrkslatt.fi\/wp-content\/uploads\/2024\/03\/avatar-3814049_1920.png 1177w\" sizes=\"auto, (max-width: 150px) 100vw, 150px\" \/><br \/>\n<br \/>\nMaria Borg-Karlsson<\/td>\n<\/tr>\n<tr class=\"row-6\">\n\t<td class=\"column-1\"><img loading=\"lazy\" decoding=\"async\" src=\"https:\/\/sfpkyrkslatt.fi\/wp-content\/uploads\/2025\/03\/Furu_Pia-150x150.jpg\" alt=\"\" width=\"150\" height=\"150\" class=\"alignleft size-thumbnail wp-image-2820\" srcset=\"https:\/\/sfpkyrkslatt.fi\/wp-content\/uploads\/2025\/03\/Furu_Pia-150x150.jpg 150w, https:\/\/sfpkyrkslatt.fi\/wp-content\/uploads\/2025\/03\/Furu_Pia-300x300.jpg 300w, https:\/\/sfpkyrkslatt.fi\/wp-content\/uploads\/2025\/03\/Furu_Pia-1024x1024.jpg 1024w, https:\/\/sfpkyrkslatt.fi\/wp-content\/uploads\/2025\/03\/Furu_Pia-768x768.jpg 768w, https:\/\/sfpkyrkslatt.fi\/wp-content\/uploads\/2025\/03\/Furu_Pia.jpg 1863w\" sizes=\"auto, (max-width: 150px) 100vw, 150px\" \/><br \/>\n<br \/>\nPia Furu<\/td><td class=\"column-2\"><img loading=\"lazy\" decoding=\"async\" src=\"http:\/\/sfpkyrkslatt.fi\/wp-content\/uploads\/2021\/03\/Gro\u0308nqvist-Kerstin-W-150x150.jpg\" alt=\"\" width=\"150\" height=\"150\" class=\"alignleft size-thumbnail wp-image-1753\" \/><br \/>\n<br \/>\nKerstin Gr\u00f6nqvist<\/td>\n<\/tr>\n<tr class=\"row-7\">\n\t<td class=\"column-1\"><img loading=\"lazy\" decoding=\"async\" src=\"https:\/\/sfpkyrkslatt.fi\/wp-content\/uploads\/2025\/03\/Ronnberg_Janina-3-150x150.jpg\" alt=\"\" width=\"150\" height=\"150\" class=\"alignleft size-thumbnail wp-image-2823\" srcset=\"https:\/\/sfpkyrkslatt.fi\/wp-content\/uploads\/2025\/03\/Ronnberg_Janina-3-150x150.jpg 150w, https:\/\/sfpkyrkslatt.fi\/wp-content\/uploads\/2025\/03\/Ronnberg_Janina-3-300x300.jpg 300w, https:\/\/sfpkyrkslatt.fi\/wp-content\/uploads\/2025\/03\/Ronnberg_Janina-3-768x768.jpg 768w, https:\/\/sfpkyrkslatt.fi\/wp-content\/uploads\/2025\/03\/Ronnberg_Janina-3-850x850.jpg 850w, https:\/\/sfpkyrkslatt.fi\/wp-content\/uploads\/2025\/03\/Ronnberg_Janina-3.jpg 1013w\" sizes=\"auto, (max-width: 150px) 100vw, 150px\" \/><br \/>\n<br \/>\nJanina R\u00f6nnberg<\/td><td class=\"column-2\"><img loading=\"lazy\" decoding=\"async\" src=\"http:\/\/sfpkyrkslatt.fi\/wp-content\/uploads\/2021\/11\/Sundelin_Christina_VFOweb-150x150.jpg\" alt=\"\" width=\"150\" height=\"150\" class=\"alignleft size-thumbnail wp-image-2126\" \/><br \/>\n<br \/>\nMy Sundelin<\/td>\n<\/tr>\n<tr class=\"row-8\">\n\t<td class=\"column-1\"><\/td><td class=\"column-2\"><\/td>\n<\/tr>\n<\/tbody>\n<\/table>\n<!-- #tablepress-14 from cache -->\n\n\n\n<p class=\"has-text-align-center\"><strong>F\u00f6lj oss p\u00e5 Facebook<\/strong>: <a href=\"https:\/\/www.facebook.com\/SFPiKyrkslatt\/\" target=\"_blank\" rel=\"noreferrer noopener\">https:\/\/www.facebook.com\/SFPiKyrkslatt\/<\/a> <strong>och p\u00e5 Instagram<\/strong> <a href=\"https:\/\/www.instagram.com\/sfp_kyrkslatt\/?hl=fi\">https:\/\/www.instagram.com\/sfp_kyrkslatt\/?hl=fi<\/a><\/p>\n\n\n<div class=\"wp-block-image\">\n<figure class=\"aligncenter size-large is-resized\"><img loading=\"lazy\" decoding=\"async\" width=\"1024\" height=\"302\" src=\"https:\/\/sfpkyrkslatt.fi\/wp-content\/uploads\/2020\/05\/Kyrkslatt1-1-1024x302.png\" alt=\"\" class=\"wp-image-2666\" style=\"width:222px;height:auto\" srcset=\"https:\/\/sfpkyrkslatt.fi\/wp-content\/uploads\/2020\/05\/Kyrkslatt1-1-1024x302.png 1024w, https:\/\/sfpkyrkslatt.fi\/wp-content\/uploads\/2020\/05\/Kyrkslatt1-1-300x88.png 300w, https:\/\/sfpkyrkslatt.fi\/wp-content\/uploads\/2020\/05\/Kyrkslatt1-1-768x226.png 768w, https:\/\/sfpkyrkslatt.fi\/wp-content\/uploads\/2020\/05\/Kyrkslatt1-1-850x250.png 850w, https:\/\/sfpkyrkslatt.fi\/wp-content\/uploads\/2020\/05\/Kyrkslatt1-1.png 1181w\" sizes=\"auto, (max-width: 1024px) 100vw, 1024px\" \/><\/figure>\n<\/div>","protected":false},"excerpt":{"rendered":"<p>Svenska Kvinnof\u00f6rbundet i Kyrksl\u00e4tt \u00e4r den samlande kraften f\u00f6r liberala feminister i Kyrksl\u00e4tt.&nbsp; Vi har en bred verksamhet med m\u00e5len att p\u00e5verka samh\u00e4llet&nbsp;i en feministisk riktning. Vi ordnar diskussioner och seminarier och har erfarenhetsutbyten med systerorganisationer. Vi driver ocks\u00e5 opinion inom Svenska Kvinnof\u00f6rbundet&nbsp;genom motioner och&nbsp;samarbetar med SFP i olika j\u00e4mst\u00e4lldhetsfr\u00e5gor. V\u00e5r ambition \u00e4r att under&#8230;<\/p>\n","protected":false},"author":3,"featured_media":0,"parent":21,"menu_order":0,"comment_status":"closed","ping_status":"closed","template":"","meta":{"footnotes":""},"class_list":["post-617","page","type-page","status-publish","hentry"],"jetpack_sharing_enabled":true,"_links":{"self":[{"href":"https:\/\/sfpkyrkslatt.fi\/index.php\/wp-json\/wp\/v2\/pages\/617","targetHints":{"allow":["GET"]}}],"collection":[{"href":"https:\/\/sfpkyrkslatt.fi\/index.php\/wp-json\/wp\/v2\/pages"}],"about":[{"href":"https:\/\/sfpkyrkslatt.fi\/index.php\/wp-json\/wp\/v2\/types\/page"}],"author":[{"embeddable":true,"href":"https:\/\/sfpkyrkslatt.fi\/index.php\/wp-json\/wp\/v2\/users\/3"}],"replies":[{"embeddable":true,"href":"https:\/\/sfpkyrkslatt.fi\/index.php\/wp-json\/wp\/v2\/comments?post=617"}],"version-history":[{"count":7,"href":"https:\/\/sfpkyrkslatt.fi\/index.php\/wp-json\/wp\/v2\/pages\/617\/revisions"}],"predecessor-version":[{"id":2331,"href":"https:\/\/sfpkyrkslatt.fi\/index.php\/wp-json\/wp\/v2\/pages\/617\/revisions\/2331"}],"up":[{"embeddable":true,"href":"https:\/\/sfpkyrkslatt.fi\/index.php\/wp-json\/wp\/v2\/pages\/21"}],"wp:attachment":[{"href":"https:\/\/sfpkyrkslatt.fi\/index.php\/wp-json\/wp\/v2\/media?parent=617"}],"curies":[{"name":"wp","href":"https:\/\/api.w.org\/{rel}","templated":true}]}}